{"id":764,"date":"2021-09-22T10:28:03","date_gmt":"2021-09-22T10:28:03","guid":{"rendered":"https:\/\/www.ichildforchild.org\/?page_id=764"},"modified":"2022-02-07T11:31:33","modified_gmt":"2022-02-07T11:31:33","slug":"hakkimizda-2","status":"publish","type":"page","link":"https:\/\/www.ichildforchild.org\/index.php\/hakkimizda-2\/","title":{"rendered":"Hakk\u0131m\u0131zda"},"content":{"rendered":"\n<h2><\/h2>\n\n\n\n<p>ICHILD\u2019\u0131n temel hedefi, toplum taraf\u0131ndan her \u00e7ocu\u011fun e\u015fit bir yurtta\u015f ve \u00f6zne olarak kabul edilmesini sa\u011flayacak ad\u0131mlar atmak ve halihaz\u0131rda at\u0131lm\u0131\u015f olan ad\u0131mlar\u0131 g\u00fc\u00e7lendirmektir. Bu eksende, \u00e7ocuklar\u0131n kendi haklar\u0131n\u0131 savunabilmeleri i\u00e7in var olan mekanizmalar\u0131 g\u00fc\u00e7lendirmeyi ve gerekti\u011fi noktalarda yeni mekanizmalar tasarlamay\u0131 da hedefler. Yu\u0308ru\u0308ttu\u0308g\u0306u\u0308 t\u00fcm c\u0327al\u0131s\u0327malar\u0131nda c\u0327ocug\u0306un yu\u0308ksek yarar\u0131n\u0131 g\u00f6zetir ve c\u0327ocuklar\u0131n kat\u0131l\u0131m hakk\u0131n\u0131 o\u0308n planda tutarak, onlarla dayan\u0131\u015fma ve i\u015fbirli\u011fi i\u00e7erisinde \u00e7al\u0131\u015f\u0131r.<\/p>\n\n\n\n<p><\/p>\n\n\n\n<p><\/p>\n","protected":false},"excerpt":{"rendered":"<p>ICHILD\u2019\u0131n temel hedefi, toplum taraf\u0131ndan her \u00e7ocu\u011fun e\u015fit bir yurtta\u015f ve \u00f6zne olarak kabul edilmesini sa\u011flayacak ad\u0131mlar atmak ve halihaz\u0131rda at\u0131lm\u0131\u015f olan ad\u0131mlar\u0131 g\u00fc\u00e7lendirmektir. Bu eksende, \u00e7ocuklar\u0131n kendi haklar\u0131n\u0131 savunabilmeleri i\u00e7in var olan mekanizmalar\u0131 g\u00fc\u00e7lendirmeyi ve gerekti\u011fi noktalarda yeni mekanizmalar tasarlamay\u0131 da hedefler. Yu\u0308ru\u0308ttu\u0308g\u0306u\u0308 t\u00fcm c\u0327al\u0131s\u0327malar\u0131nda c\u0327ocug\u0306un yu\u0308ksek yarar\u0131n\u0131 g\u00f6zetir ve c\u0327ocuklar\u0131n kat\u0131l\u0131m hakk\u0131n\u0131 o\u0308n [&hellip;]<\/p>\n","protected":false},"author":1,"featured_media":0,"parent":0,"menu_order":0,"comment_status":"closed","ping_status":"closed","template":"","meta":[],"_links":{"self":[{"href":"https:\/\/www.ichildforchild.org\/index.php\/wp-json\/wp\/v2\/pages\/764"}],"collection":[{"href":"https:\/\/www.ichildforchild.org\/index.php\/wp-json\/wp\/v2\/pages"}],"about":[{"href":"https:\/\/www.ichildforchild.org\/index.php\/wp-json\/wp\/v2\/types\/page"}],"author":[{"embeddable":true,"href":"https:\/\/www.ichildforchild.org\/index.php\/wp-json\/wp\/v2\/users\/1"}],"replies":[{"embeddable":true,"href":"https:\/\/www.ichildforchild.org\/index.php\/wp-json\/wp\/v2\/comments?post=764"}],"version-history":[{"count":3,"href":"https:\/\/www.ichildforchild.org\/index.php\/wp-json\/wp\/v2\/pages\/764\/revisions"}],"predecessor-version":[{"id":1556,"href":"https:\/\/www.ichildforchild.org\/index.php\/wp-json\/wp\/v2\/pages\/764\/revisions\/1556"}],"wp:attachment":[{"href":"https:\/\/www.ichildforchild.org\/index.php\/wp-json\/wp\/v2\/media?parent=764"}],"curies":[{"name":"wp","href":"https:\/\/api.w.org\/{rel}","templated":true}]}}